{"id":2286,"date":"2025-05-15T11:51:00","date_gmt":"2025-05-15T09:51:00","guid":{"rendered":"https:\/\/www.indufed.be\/?post_type=event&#038;p=2286"},"modified":"2025-10-21T16:03:50","modified_gmt":"2025-10-21T14:03:50","slug":"glass-alliance-europe-laccord-industriel-propre","status":"publish","type":"event","link":"https:\/\/www.indufed.be\/fr\/event\/glass-alliance-europe-the-clean-industrial-deal\/","title":{"rendered":"Glass Alliance Europe et le Clean Industrial Deal"},"content":{"rendered":"<p>Le Clean Industrial Deal de l'UE a pour ambition de \u201cfaire de la d\u00e9carbonisation un moteur de croissance pour les industries europ\u00e9ennes\u201d. La fa\u00e7on dont cela se traduit pour l'industrie verri\u00e8re europ\u00e9enne a \u00e9t\u00e9 le sujet du d\u00e9bat lors de l'\u00e9v\u00e9nement organis\u00e9 par Glass Alliance Europe en mai, qui a rassembl\u00e9 des repr\u00e9sentants du Parlement europ\u00e9en et de la Commission europ\u00e9enne.<\/p>\n\n\n\n<p>Introduit par Thomas Davreux, directeur g\u00e9n\u00e9ral de l'inDUfed et pr\u00e9sident de Glass Alliance Europe, l'\u00e9v\u00e9nement a \u00e9t\u00e9 marqu\u00e9 par les interventions des membres de l'inDUfed, le Groupe AGC Europe et Saint-Gobain.<\/p>\n\n\n\n<p>Les discussions ont port\u00e9 sur les r\u00e9ponses \u00e0 apporter aux questions cl\u00e9s concernant le secteur et la r\u00e9alisation de la neutralit\u00e9 climatique dans le contexte des guerres commerciales et de la crise de l'\u00e9nergie.<br>- \u00c0 quoi ressemblera une \u00e9nergie abordable pour nos industries ?<br>- Quel sera l'impact de la stimulation de la demande de produits propres ?<br>- Qu'est-ce que la fabrication propre ?<br>- Comment l'acc\u00e8s aux mati\u00e8res premi\u00e8res critiques sera-t-il assur\u00e9 ?<\/p>\n\n\n\n<p>Ce rassemblement a soulign\u00e9 l'importance des efforts de collaboration et des solutions innovantes pour conduire l'industrie du verre vers un avenir durable. Nous nous engageons \u00e0 poursuivre notre travail avec les leaders de l'industrie et les d\u00e9cideurs politiques afin de garantir que le secteur du verre reste \u00e0 la pointe de la gestion de l'environnement et de la r\u00e9silience \u00e9conomique.<\/p>\n\n\n\n<p><\/p>","protected":false},"featured_media":2289,"template":"","type-event":[47],"class_list":["post-2286","event","type-event","status-publish","has-post-thumbnail","hentry","type-event-conference"],"publishpress_future_action":{"enabled":false,"date":"2026-05-10 11:48:31","action":"change-status","newStatus":"trash","terms":[],"taxonomy":"type-event","extraData":[]},"publishpress_future_workflow_manual_trigger":{"enabledWorkflows":[]},"_links":{"self":[{"href":"https:\/\/www.indufed.be\/fr\/wp-json\/wp\/v2\/event\/2286","targetHints":{"allow":["GET"]}}],"collection":[{"href":"https:\/\/www.indufed.be\/fr\/wp-json\/wp\/v2\/event"}],"about":[{"href":"https:\/\/www.indufed.be\/fr\/wp-json\/wp\/v2\/types\/event"}],"wp:featuredmedia":[{"embeddable":true,"href":"https:\/\/www.indufed.be\/fr\/wp-json\/wp\/v2\/media\/2289"}],"wp:attachment":[{"href":"https:\/\/www.indufed.be\/fr\/wp-json\/wp\/v2\/media?parent=2286"}],"wp:term":[{"taxonomy":"type-event","embeddable":true,"href":"https:\/\/www.indufed.be\/fr\/wp-json\/wp\/v2\/type-event?post=2286"}],"curies":[{"name":"wp","href":"https:\/\/api.w.org\/{rel}","templated":true}]}}